{"id":5105,"date":"2023-10-25T16:09:00","date_gmt":"2023-10-25T14:09:00","guid":{"rendered":"https:\/\/fharch.eu\/?post_type=projekty&#038;p=5105"},"modified":"2023-12-29T14:38:35","modified_gmt":"2023-12-29T13:38:35","slug":"int-eurovea-tower","status":"publish","type":"projekty","link":"https:\/\/fharch.eu\/en\/projekty\/int-eurovea-tower\/","title":{"rendered":"INT EUROVEA TOWER"},"content":{"rendered":"\n<h4 class=\"wp-block-heading alignfull has-text-align-left\">Z\u00e1dverie<\/h4>\n\n\n\n<figure class=\"wp-block-image alignfull size-full\"><img decoding=\"async\" width=\"2048\" height=\"1152\" src=\"https:\/\/fharch.eu\/wp-content\/uploads\/2023\/11\/INTERIER-EUROVEA-TOWER-01A-ZADVERIE-ZRKADLOVA-STENA-ODKLADACIA-POLICA-231027-4K-scaled.jpg\" alt=\"\" class=\"wp-image-5086\" srcset=\"https:\/\/fharch.eu\/wp-content\/uploads\/2023\/11\/INTERIER-EUROVEA-TOWER-01A-ZADVERIE-ZRKADLOVA-STENA-ODKLADACIA-POLICA-231027-4K-scaled.jpg 2048w, https:\/\/fharch.eu\/wp-content\/uploads\/2023\/11\/INTERIER-EUROVEA-TOWER-01A-ZADVERIE-ZRKADLOVA-STENA-ODKLADACIA-POLICA-231027-4K-300x169.jpg 300w, https:\/\/fharch.eu\/wp-content\/uploads\/2023\/11\/INTERIER-EUROVEA-TOWER-01A-ZADVERIE-ZRKADLOVA-STENA-ODKLADACIA-POLICA-231027-4K-1024x576.jpg 1024w, https:\/\/fharch.eu\/wp-content\/uploads\/2023\/11\/INTERIER-EUROVEA-TOWER-01A-ZADVERIE-ZRKADLOVA-STENA-ODKLADACIA-POLICA-231027-4K-768x432.jpg 768w, https:\/\/fharch.eu\/wp-content\/uploads\/2023\/11\/INTERIER-EUROVEA-TOWER-01A-ZADVERIE-ZRKADLOVA-STENA-ODKLADACIA-POLICA-231027-4K-1536x864.jpg 1536w, https:\/\/fharch.eu\/wp-content\/uploads\/2023\/11\/INTERIER-EUROVEA-TOWER-01A-ZADVERIE-ZRKADLOVA-STENA-ODKLADACIA-POLICA-231027-4K-18x10.jpg 18w\" sizes=\"(max-width: 2048px) 100vw, 2048px\" \/><\/figure>\n\n\n\n<h4 class=\"wp-block-heading alignfull has-text-align-left\">Kuchy\u0148a s jed\u00e1l\u0148ou<\/h4>\n\n\n\n<figure class=\"wp-block-image alignfull size-full\"><img decoding=\"async\" width=\"2048\" height=\"1152\" src=\"https:\/\/fharch.eu\/wp-content\/uploads\/2023\/11\/INTERIER-EUROVEA-TOWER-02A-JEDALEN-KUCHYNA-KRUHOVY-STOL-CIERNA-DOSKA-231027-4K-scaled.jpg\" alt=\"\" class=\"wp-image-5087\" srcset=\"https:\/\/fharch.eu\/wp-content\/uploads\/2023\/11\/INTERIER-EUROVEA-TOWER-02A-JEDALEN-KUCHYNA-KRUHOVY-STOL-CIERNA-DOSKA-231027-4K-scaled.jpg 2048w, https:\/\/fharch.eu\/wp-content\/uploads\/2023\/11\/INTERIER-EUROVEA-TOWER-02A-JEDALEN-KUCHYNA-KRUHOVY-STOL-CIERNA-DOSKA-231027-4K-300x169.jpg 300w, https:\/\/fharch.eu\/wp-content\/uploads\/2023\/11\/INTERIER-EUROVEA-TOWER-02A-JEDALEN-KUCHYNA-KRUHOVY-STOL-CIERNA-DOSKA-231027-4K-1024x576.jpg 1024w, https:\/\/fharch.eu\/wp-content\/uploads\/2023\/11\/INTERIER-EUROVEA-TOWER-02A-JEDALEN-KUCHYNA-KRUHOVY-STOL-CIERNA-DOSKA-231027-4K-768x432.jpg 768w, https:\/\/fharch.eu\/wp-content\/uploads\/2023\/11\/INTERIER-EUROVEA-TOWER-02A-JEDALEN-KUCHYNA-KRUHOVY-STOL-CIERNA-DOSKA-231027-4K-1536x864.jpg 1536w, https:\/\/fharch.eu\/wp-content\/uploads\/2023\/11\/INTERIER-EUROVEA-TOWER-02A-JEDALEN-KUCHYNA-KRUHOVY-STOL-CIERNA-DOSKA-231027-4K-18x10.jpg 18w\" sizes=\"(max-width: 2048px) 100vw, 2048px\" \/><\/figure>\n\n\n\n<figure class=\"wp-block-image alignfull size-full\"><img decoding=\"async\" width=\"2048\" height=\"1152\" src=\"https:\/\/fharch.eu\/wp-content\/uploads\/2023\/11\/INTERIER-EUROVEA-TOWER-03A-JEDALEN-KUCHYNA-KUCHYNSKA-LINKA-TMAVA-231027-4K-scaled.jpg\" alt=\"\" class=\"wp-image-5088\" srcset=\"https:\/\/fharch.eu\/wp-content\/uploads\/2023\/11\/INTERIER-EUROVEA-TOWER-03A-JEDALEN-KUCHYNA-KUCHYNSKA-LINKA-TMAVA-231027-4K-scaled.jpg 2048w, https:\/\/fharch.eu\/wp-content\/uploads\/2023\/11\/INTERIER-EUROVEA-TOWER-03A-JEDALEN-KUCHYNA-KUCHYNSKA-LINKA-TMAVA-231027-4K-300x169.jpg 300w, https:\/\/fharch.eu\/wp-content\/uploads\/2023\/11\/INTERIER-EUROVEA-TOWER-03A-JEDALEN-KUCHYNA-KUCHYNSKA-LINKA-TMAVA-231027-4K-1024x576.jpg 1024w, https:\/\/fharch.eu\/wp-content\/uploads\/2023\/11\/INTERIER-EUROVEA-TOWER-03A-JEDALEN-KUCHYNA-KUCHYNSKA-LINKA-TMAVA-231027-4K-768x432.jpg 768w, https:\/\/fharch.eu\/wp-content\/uploads\/2023\/11\/INTERIER-EUROVEA-TOWER-03A-JEDALEN-KUCHYNA-KUCHYNSKA-LINKA-TMAVA-231027-4K-1536x864.jpg 1536w, https:\/\/fharch.eu\/wp-content\/uploads\/2023\/11\/INTERIER-EUROVEA-TOWER-03A-JEDALEN-KUCHYNA-KUCHYNSKA-LINKA-TMAVA-231027-4K-18x10.jpg 18w\" sizes=\"(max-width: 2048px) 100vw, 2048px\" \/><\/figure>\n\n\n\n<figure class=\"wp-block-image alignfull size-full\"><img decoding=\"async\" width=\"2048\" height=\"1152\" src=\"https:\/\/fharch.eu\/wp-content\/uploads\/2023\/11\/INTERIER-EUROVEA-TOWER-04A-JEDALEN-KRUHOVY-STOL-MODRE-STOLICKY-231027-4K-scaled.jpg\" alt=\"\" class=\"wp-image-5089\" srcset=\"https:\/\/fharch.eu\/wp-content\/uploads\/2023\/11\/INTERIER-EUROVEA-TOWER-04A-JEDALEN-KRUHOVY-STOL-MODRE-STOLICKY-231027-4K-scaled.jpg 2048w, https:\/\/fharch.eu\/wp-content\/uploads\/2023\/11\/INTERIER-EUROVEA-TOWER-04A-JEDALEN-KRUHOVY-STOL-MODRE-STOLICKY-231027-4K-300x169.jpg 300w, https:\/\/fharch.eu\/wp-content\/uploads\/2023\/11\/INTERIER-EUROVEA-TOWER-04A-JEDALEN-KRUHOVY-STOL-MODRE-STOLICKY-231027-4K-1024x576.jpg 1024w, https:\/\/fharch.eu\/wp-content\/uploads\/2023\/11\/INTERIER-EUROVEA-TOWER-04A-JEDALEN-KRUHOVY-STOL-MODRE-STOLICKY-231027-4K-768x432.jpg 768w, https:\/\/fharch.eu\/wp-content\/uploads\/2023\/11\/INTERIER-EUROVEA-TOWER-04A-JEDALEN-KRUHOVY-STOL-MODRE-STOLICKY-231027-4K-1536x864.jpg 1536w, https:\/\/fharch.eu\/wp-content\/uploads\/2023\/11\/INTERIER-EUROVEA-TOWER-04A-JEDALEN-KRUHOVY-STOL-MODRE-STOLICKY-231027-4K-18x10.jpg 18w\" sizes=\"(max-width: 2048px) 100vw, 2048px\" \/><\/figure>\n\n\n\n<figure class=\"wp-block-image alignfull size-full\"><img decoding=\"async\" width=\"2048\" height=\"1152\" src=\"https:\/\/fharch.eu\/wp-content\/uploads\/2023\/11\/INTERIER-EUROVEA-TOWER-05-KUCHYNA-TMAVE-MATERIALY-MRAMOROVY-VZOR-231027-4K-scaled.jpg\" alt=\"\" class=\"wp-image-5090\" srcset=\"https:\/\/fharch.eu\/wp-content\/uploads\/2023\/11\/INTERIER-EUROVEA-TOWER-05-KUCHYNA-TMAVE-MATERIALY-MRAMOROVY-VZOR-231027-4K-scaled.jpg 2048w, https:\/\/fharch.eu\/wp-content\/uploads\/2023\/11\/INTERIER-EUROVEA-TOWER-05-KUCHYNA-TMAVE-MATERIALY-MRAMOROVY-VZOR-231027-4K-300x169.jpg 300w, https:\/\/fharch.eu\/wp-content\/uploads\/2023\/11\/INTERIER-EUROVEA-TOWER-05-KUCHYNA-TMAVE-MATERIALY-MRAMOROVY-VZOR-231027-4K-1024x576.jpg 1024w, https:\/\/fharch.eu\/wp-content\/uploads\/2023\/11\/INTERIER-EUROVEA-TOWER-05-KUCHYNA-TMAVE-MATERIALY-MRAMOROVY-VZOR-231027-4K-768x432.jpg 768w, https:\/\/fharch.eu\/wp-content\/uploads\/2023\/11\/INTERIER-EUROVEA-TOWER-05-KUCHYNA-TMAVE-MATERIALY-MRAMOROVY-VZOR-231027-4K-1536x864.jpg 1536w, https:\/\/fharch.eu\/wp-content\/uploads\/2023\/11\/INTERIER-EUROVEA-TOWER-05-KUCHYNA-TMAVE-MATERIALY-MRAMOROVY-VZOR-231027-4K-18x10.jpg 18w\" sizes=\"(max-width: 2048px) 100vw, 2048px\" \/><\/figure>\n\n\n\n<figure class=\"wp-block-image alignfull size-full\"><img decoding=\"async\" width=\"2048\" height=\"1152\" src=\"https:\/\/fharch.eu\/wp-content\/uploads\/2023\/11\/INTERIER-EUROVEA-TOWER-06A-JEDALEN-SEDENIE-OBRAZ-HULA-231027-4K-scaled.jpg\" alt=\"\" class=\"wp-image-5091\" srcset=\"https:\/\/fharch.eu\/wp-content\/uploads\/2023\/11\/INTERIER-EUROVEA-TOWER-06A-JEDALEN-SEDENIE-OBRAZ-HULA-231027-4K-scaled.jpg 2048w, https:\/\/fharch.eu\/wp-content\/uploads\/2023\/11\/INTERIER-EUROVEA-TOWER-06A-JEDALEN-SEDENIE-OBRAZ-HULA-231027-4K-300x169.jpg 300w, https:\/\/fharch.eu\/wp-content\/uploads\/2023\/11\/INTERIER-EUROVEA-TOWER-06A-JEDALEN-SEDENIE-OBRAZ-HULA-231027-4K-1024x576.jpg 1024w, https:\/\/fharch.eu\/wp-content\/uploads\/2023\/11\/INTERIER-EUROVEA-TOWER-06A-JEDALEN-SEDENIE-OBRAZ-HULA-231027-4K-768x432.jpg 768w, https:\/\/fharch.eu\/wp-content\/uploads\/2023\/11\/INTERIER-EUROVEA-TOWER-06A-JEDALEN-SEDENIE-OBRAZ-HULA-231027-4K-1536x864.jpg 1536w, https:\/\/fharch.eu\/wp-content\/uploads\/2023\/11\/INTERIER-EUROVEA-TOWER-06A-JEDALEN-SEDENIE-OBRAZ-HULA-231027-4K-18x10.jpg 18w\" sizes=\"(max-width: 2048px) 100vw, 2048px\" \/><\/figure>\n\n\n\n<h4 class=\"wp-block-heading alignfull has-text-align-left\">Prepojenie jed\u00e1lne s ob\u00fdvacou izbou<\/h4>\n\n\n\n<figure class=\"wp-block-image alignfull size-full\"><img decoding=\"async\" width=\"2048\" height=\"1152\" src=\"https:\/\/fharch.eu\/wp-content\/uploads\/2023\/11\/INTERIER-EUROVEA-TOWER-07A-OBYVACIA-IZBA-MODRY-KOBEREC-KERAMICKA-OMIETKA-CIERNA-231027-4K-scaled.jpg\" alt=\"\" class=\"wp-image-5092\" srcset=\"https:\/\/fharch.eu\/wp-content\/uploads\/2023\/11\/INTERIER-EUROVEA-TOWER-07A-OBYVACIA-IZBA-MODRY-KOBEREC-KERAMICKA-OMIETKA-CIERNA-231027-4K-scaled.jpg 2048w, https:\/\/fharch.eu\/wp-content\/uploads\/2023\/11\/INTERIER-EUROVEA-TOWER-07A-OBYVACIA-IZBA-MODRY-KOBEREC-KERAMICKA-OMIETKA-CIERNA-231027-4K-300x169.jpg 300w, https:\/\/fharch.eu\/wp-content\/uploads\/2023\/11\/INTERIER-EUROVEA-TOWER-07A-OBYVACIA-IZBA-MODRY-KOBEREC-KERAMICKA-OMIETKA-CIERNA-231027-4K-1024x576.jpg 1024w, https:\/\/fharch.eu\/wp-content\/uploads\/2023\/11\/INTERIER-EUROVEA-TOWER-07A-OBYVACIA-IZBA-MODRY-KOBEREC-KERAMICKA-OMIETKA-CIERNA-231027-4K-768x432.jpg 768w, https:\/\/fharch.eu\/wp-content\/uploads\/2023\/11\/INTERIER-EUROVEA-TOWER-07A-OBYVACIA-IZBA-MODRY-KOBEREC-KERAMICKA-OMIETKA-CIERNA-231027-4K-1536x864.jpg 1536w, https:\/\/fharch.eu\/wp-content\/uploads\/2023\/11\/INTERIER-EUROVEA-TOWER-07A-OBYVACIA-IZBA-MODRY-KOBEREC-KERAMICKA-OMIETKA-CIERNA-231027-4K-18x10.jpg 18w\" sizes=\"(max-width: 2048px) 100vw, 2048px\" \/><\/figure>\n\n\n\n<figure class=\"wp-block-image alignfull size-full\"><img decoding=\"async\" width=\"2048\" height=\"1152\" src=\"https:\/\/fharch.eu\/wp-content\/uploads\/2023\/11\/INTERIER-EUROVEA-TOWER-08A-OBYVACIA-IZBA-KNIZNICA-PREDEL-PRIESTORU-231027-4K-scaled.jpg\" alt=\"\" class=\"wp-image-5093\" srcset=\"https:\/\/fharch.eu\/wp-content\/uploads\/2023\/11\/INTERIER-EUROVEA-TOWER-08A-OBYVACIA-IZBA-KNIZNICA-PREDEL-PRIESTORU-231027-4K-scaled.jpg 2048w, https:\/\/fharch.eu\/wp-content\/uploads\/2023\/11\/INTERIER-EUROVEA-TOWER-08A-OBYVACIA-IZBA-KNIZNICA-PREDEL-PRIESTORU-231027-4K-300x169.jpg 300w, https:\/\/fharch.eu\/wp-content\/uploads\/2023\/11\/INTERIER-EUROVEA-TOWER-08A-OBYVACIA-IZBA-KNIZNICA-PREDEL-PRIESTORU-231027-4K-1024x576.jpg 1024w, https:\/\/fharch.eu\/wp-content\/uploads\/2023\/11\/INTERIER-EUROVEA-TOWER-08A-OBYVACIA-IZBA-KNIZNICA-PREDEL-PRIESTORU-231027-4K-768x432.jpg 768w, https:\/\/fharch.eu\/wp-content\/uploads\/2023\/11\/INTERIER-EUROVEA-TOWER-08A-OBYVACIA-IZBA-KNIZNICA-PREDEL-PRIESTORU-231027-4K-1536x864.jpg 1536w, https:\/\/fharch.eu\/wp-content\/uploads\/2023\/11\/INTERIER-EUROVEA-TOWER-08A-OBYVACIA-IZBA-KNIZNICA-PREDEL-PRIESTORU-231027-4K-18x10.jpg 18w\" sizes=\"(max-width: 2048px) 100vw, 2048px\" \/><\/figure>\n\n\n\n<figure class=\"wp-block-image alignfull size-full\"><img decoding=\"async\" width=\"2048\" height=\"1152\" src=\"https:\/\/fharch.eu\/wp-content\/uploads\/2023\/11\/INTERIER-EUROVEA-TOWER-09A-OBYVACIA-IZBA-OKRUHLY-KONFERENCNY-STOLIK-231027-4K-scaled.jpg\" alt=\"\" class=\"wp-image-5094\" srcset=\"https:\/\/fharch.eu\/wp-content\/uploads\/2023\/11\/INTERIER-EUROVEA-TOWER-09A-OBYVACIA-IZBA-OKRUHLY-KONFERENCNY-STOLIK-231027-4K-scaled.jpg 2048w, https:\/\/fharch.eu\/wp-content\/uploads\/2023\/11\/INTERIER-EUROVEA-TOWER-09A-OBYVACIA-IZBA-OKRUHLY-KONFERENCNY-STOLIK-231027-4K-300x169.jpg 300w, https:\/\/fharch.eu\/wp-content\/uploads\/2023\/11\/INTERIER-EUROVEA-TOWER-09A-OBYVACIA-IZBA-OKRUHLY-KONFERENCNY-STOLIK-231027-4K-1024x576.jpg 1024w, https:\/\/fharch.eu\/wp-content\/uploads\/2023\/11\/INTERIER-EUROVEA-TOWER-09A-OBYVACIA-IZBA-OKRUHLY-KONFERENCNY-STOLIK-231027-4K-768x432.jpg 768w, https:\/\/fharch.eu\/wp-content\/uploads\/2023\/11\/INTERIER-EUROVEA-TOWER-09A-OBYVACIA-IZBA-OKRUHLY-KONFERENCNY-STOLIK-231027-4K-1536x864.jpg 1536w, https:\/\/fharch.eu\/wp-content\/uploads\/2023\/11\/INTERIER-EUROVEA-TOWER-09A-OBYVACIA-IZBA-OKRUHLY-KONFERENCNY-STOLIK-231027-4K-18x10.jpg 18w\" sizes=\"(max-width: 2048px) 100vw, 2048px\" \/><\/figure>\n\n\n\n<figure class=\"wp-block-image alignfull size-full\"><img decoding=\"async\" width=\"2048\" height=\"1152\" src=\"https:\/\/fharch.eu\/wp-content\/uploads\/2023\/11\/INTERIER-EUROVEA-TOWER-10A-OBYVACIA-IZBA-TMAVA-KERAMICKA-STENA-231027-4K-scaled.jpg\" alt=\"\" class=\"wp-image-5095\" srcset=\"https:\/\/fharch.eu\/wp-content\/uploads\/2023\/11\/INTERIER-EUROVEA-TOWER-10A-OBYVACIA-IZBA-TMAVA-KERAMICKA-STENA-231027-4K-scaled.jpg 2048w, https:\/\/fharch.eu\/wp-content\/uploads\/2023\/11\/INTERIER-EUROVEA-TOWER-10A-OBYVACIA-IZBA-TMAVA-KERAMICKA-STENA-231027-4K-300x169.jpg 300w, https:\/\/fharch.eu\/wp-content\/uploads\/2023\/11\/INTERIER-EUROVEA-TOWER-10A-OBYVACIA-IZBA-TMAVA-KERAMICKA-STENA-231027-4K-1024x576.jpg 1024w, https:\/\/fharch.eu\/wp-content\/uploads\/2023\/11\/INTERIER-EUROVEA-TOWER-10A-OBYVACIA-IZBA-TMAVA-KERAMICKA-STENA-231027-4K-768x432.jpg 768w, https:\/\/fharch.eu\/wp-content\/uploads\/2023\/11\/INTERIER-EUROVEA-TOWER-10A-OBYVACIA-IZBA-TMAVA-KERAMICKA-STENA-231027-4K-1536x864.jpg 1536w, https:\/\/fharch.eu\/wp-content\/uploads\/2023\/11\/INTERIER-EUROVEA-TOWER-10A-OBYVACIA-IZBA-TMAVA-KERAMICKA-STENA-231027-4K-18x10.jpg 18w\" sizes=\"(max-width: 2048px) 100vw, 2048px\" \/><\/figure>\n\n\n\n<figure class=\"wp-block-image alignfull size-full\"><img decoding=\"async\" width=\"2048\" height=\"1152\" src=\"https:\/\/fharch.eu\/wp-content\/uploads\/2023\/11\/INTERIER-EUROVEA-TOWER-11-OBYVACIA-IZBA-BEZOVA-ZAVES-PREDEL-231027-4K-scaled.jpg\" alt=\"\" class=\"wp-image-5096\" srcset=\"https:\/\/fharch.eu\/wp-content\/uploads\/2023\/11\/INTERIER-EUROVEA-TOWER-11-OBYVACIA-IZBA-BEZOVA-ZAVES-PREDEL-231027-4K-scaled.jpg 2048w, https:\/\/fharch.eu\/wp-content\/uploads\/2023\/11\/INTERIER-EUROVEA-TOWER-11-OBYVACIA-IZBA-BEZOVA-ZAVES-PREDEL-231027-4K-300x169.jpg 300w, https:\/\/fharch.eu\/wp-content\/uploads\/2023\/11\/INTERIER-EUROVEA-TOWER-11-OBYVACIA-IZBA-BEZOVA-ZAVES-PREDEL-231027-4K-1024x576.jpg 1024w, https:\/\/fharch.eu\/wp-content\/uploads\/2023\/11\/INTERIER-EUROVEA-TOWER-11-OBYVACIA-IZBA-BEZOVA-ZAVES-PREDEL-231027-4K-768x432.jpg 768w, https:\/\/fharch.eu\/wp-content\/uploads\/2023\/11\/INTERIER-EUROVEA-TOWER-11-OBYVACIA-IZBA-BEZOVA-ZAVES-PREDEL-231027-4K-1536x864.jpg 1536w, https:\/\/fharch.eu\/wp-content\/uploads\/2023\/11\/INTERIER-EUROVEA-TOWER-11-OBYVACIA-IZBA-BEZOVA-ZAVES-PREDEL-231027-4K-18x10.jpg 18w\" sizes=\"(max-width: 2048px) 100vw, 2048px\" \/><\/figure>\n\n\n\n<h4 class=\"wp-block-heading alignfull\">Sp\u00e1l\u0148a rodi\u010dov<\/h4>\n\n\n\n<figure class=\"wp-block-image alignfull size-full\"><img decoding=\"async\" width=\"2048\" height=\"1152\" src=\"https:\/\/fharch.eu\/wp-content\/uploads\/2023\/11\/INTERIER-EUROVEA-TOWER-12-SPALNA-BEZOVA-SKRINA-MODRE-DOPLNKY-231027-4K-scaled.jpg\" alt=\"\" class=\"wp-image-5097\" srcset=\"https:\/\/fharch.eu\/wp-content\/uploads\/2023\/11\/INTERIER-EUROVEA-TOWER-12-SPALNA-BEZOVA-SKRINA-MODRE-DOPLNKY-231027-4K-scaled.jpg 2048w, https:\/\/fharch.eu\/wp-content\/uploads\/2023\/11\/INTERIER-EUROVEA-TOWER-12-SPALNA-BEZOVA-SKRINA-MODRE-DOPLNKY-231027-4K-300x169.jpg 300w, https:\/\/fharch.eu\/wp-content\/uploads\/2023\/11\/INTERIER-EUROVEA-TOWER-12-SPALNA-BEZOVA-SKRINA-MODRE-DOPLNKY-231027-4K-1024x576.jpg 1024w, https:\/\/fharch.eu\/wp-content\/uploads\/2023\/11\/INTERIER-EUROVEA-TOWER-12-SPALNA-BEZOVA-SKRINA-MODRE-DOPLNKY-231027-4K-768x432.jpg 768w, https:\/\/fharch.eu\/wp-content\/uploads\/2023\/11\/INTERIER-EUROVEA-TOWER-12-SPALNA-BEZOVA-SKRINA-MODRE-DOPLNKY-231027-4K-1536x864.jpg 1536w, https:\/\/fharch.eu\/wp-content\/uploads\/2023\/11\/INTERIER-EUROVEA-TOWER-12-SPALNA-BEZOVA-SKRINA-MODRE-DOPLNKY-231027-4K-18x10.jpg 18w\" sizes=\"(max-width: 2048px) 100vw, 2048px\" \/><\/figure>\n\n\n\n<figure class=\"wp-block-image alignfull size-full\"><img decoding=\"async\" width=\"2048\" height=\"1152\" src=\"https:\/\/fharch.eu\/wp-content\/uploads\/2023\/11\/INTERIER-EUROVEA-TOWER-13-SPALNA-MODRA-POSTEL-231027-4K-scaled.jpg\" alt=\"\" class=\"wp-image-5098\" srcset=\"https:\/\/fharch.eu\/wp-content\/uploads\/2023\/11\/INTERIER-EUROVEA-TOWER-13-SPALNA-MODRA-POSTEL-231027-4K-scaled.jpg 2048w, https:\/\/fharch.eu\/wp-content\/uploads\/2023\/11\/INTERIER-EUROVEA-TOWER-13-SPALNA-MODRA-POSTEL-231027-4K-300x169.jpg 300w, https:\/\/fharch.eu\/wp-content\/uploads\/2023\/11\/INTERIER-EUROVEA-TOWER-13-SPALNA-MODRA-POSTEL-231027-4K-1024x576.jpg 1024w, https:\/\/fharch.eu\/wp-content\/uploads\/2023\/11\/INTERIER-EUROVEA-TOWER-13-SPALNA-MODRA-POSTEL-231027-4K-768x432.jpg 768w, https:\/\/fharch.eu\/wp-content\/uploads\/2023\/11\/INTERIER-EUROVEA-TOWER-13-SPALNA-MODRA-POSTEL-231027-4K-1536x864.jpg 1536w, https:\/\/fharch.eu\/wp-content\/uploads\/2023\/11\/INTERIER-EUROVEA-TOWER-13-SPALNA-MODRA-POSTEL-231027-4K-18x10.jpg 18w\" sizes=\"(max-width: 2048px) 100vw, 2048px\" \/><\/figure>\n\n\n\n<figure class=\"wp-block-image alignfull size-full\"><img decoding=\"async\" width=\"2048\" height=\"1152\" src=\"https:\/\/fharch.eu\/wp-content\/uploads\/2023\/11\/INTERIER-EUROVEA-TOWER-14-SPALNA-BIELE-LAMELY-PRACOVNY-STOLIK-231027-4K-scaled.jpg\" alt=\"\" class=\"wp-image-5099\" srcset=\"https:\/\/fharch.eu\/wp-content\/uploads\/2023\/11\/INTERIER-EUROVEA-TOWER-14-SPALNA-BIELE-LAMELY-PRACOVNY-STOLIK-231027-4K-scaled.jpg 2048w, https:\/\/fharch.eu\/wp-content\/uploads\/2023\/11\/INTERIER-EUROVEA-TOWER-14-SPALNA-BIELE-LAMELY-PRACOVNY-STOLIK-231027-4K-300x169.jpg 300w, https:\/\/fharch.eu\/wp-content\/uploads\/2023\/11\/INTERIER-EUROVEA-TOWER-14-SPALNA-BIELE-LAMELY-PRACOVNY-STOLIK-231027-4K-1024x576.jpg 1024w, https:\/\/fharch.eu\/wp-content\/uploads\/2023\/11\/INTERIER-EUROVEA-TOWER-14-SPALNA-BIELE-LAMELY-PRACOVNY-STOLIK-231027-4K-768x432.jpg 768w, https:\/\/fharch.eu\/wp-content\/uploads\/2023\/11\/INTERIER-EUROVEA-TOWER-14-SPALNA-BIELE-LAMELY-PRACOVNY-STOLIK-231027-4K-1536x864.jpg 1536w, https:\/\/fharch.eu\/wp-content\/uploads\/2023\/11\/INTERIER-EUROVEA-TOWER-14-SPALNA-BIELE-LAMELY-PRACOVNY-STOLIK-231027-4K-18x10.jpg 18w\" sizes=\"(max-width: 2048px) 100vw, 2048px\" \/><\/figure>\n\n\n\n<figure class=\"wp-block-image alignfull size-full\"><img decoding=\"async\" width=\"2048\" height=\"1152\" src=\"https:\/\/fharch.eu\/wp-content\/uploads\/2023\/11\/INTERIER-EUROVEA-TOWER-15-SPALNA-MODRA-POSTEL-TAPETA-231027-4K-scaled.jpg\" alt=\"\" class=\"wp-image-5100\" srcset=\"https:\/\/fharch.eu\/wp-content\/uploads\/2023\/11\/INTERIER-EUROVEA-TOWER-15-SPALNA-MODRA-POSTEL-TAPETA-231027-4K-scaled.jpg 2048w, https:\/\/fharch.eu\/wp-content\/uploads\/2023\/11\/INTERIER-EUROVEA-TOWER-15-SPALNA-MODRA-POSTEL-TAPETA-231027-4K-300x169.jpg 300w, https:\/\/fharch.eu\/wp-content\/uploads\/2023\/11\/INTERIER-EUROVEA-TOWER-15-SPALNA-MODRA-POSTEL-TAPETA-231027-4K-1024x576.jpg 1024w, https:\/\/fharch.eu\/wp-content\/uploads\/2023\/11\/INTERIER-EUROVEA-TOWER-15-SPALNA-MODRA-POSTEL-TAPETA-231027-4K-768x432.jpg 768w, https:\/\/fharch.eu\/wp-content\/uploads\/2023\/11\/INTERIER-EUROVEA-TOWER-15-SPALNA-MODRA-POSTEL-TAPETA-231027-4K-1536x864.jpg 1536w, https:\/\/fharch.eu\/wp-content\/uploads\/2023\/11\/INTERIER-EUROVEA-TOWER-15-SPALNA-MODRA-POSTEL-TAPETA-231027-4K-18x10.jpg 18w\" sizes=\"(max-width: 2048px) 100vw, 2048px\" \/><\/figure>\n\n\n\n<h4 class=\"wp-block-heading alignfull\">K\u00fape\u013e\u0148a<\/h4>\n\n\n\n<figure class=\"wp-block-image alignfull size-full\"><img decoding=\"async\" width=\"2048\" height=\"1152\" src=\"https:\/\/fharch.eu\/wp-content\/uploads\/2023\/11\/INTERIER-EUROVEA-TOWER-16-KUPELNA-BIELY-NABYTOK-ZRKADLOVA-SKRINKA-231027-4K-scaled.jpg\" alt=\"\" class=\"wp-image-5101\" srcset=\"https:\/\/fharch.eu\/wp-content\/uploads\/2023\/11\/INTERIER-EUROVEA-TOWER-16-KUPELNA-BIELY-NABYTOK-ZRKADLOVA-SKRINKA-231027-4K-scaled.jpg 2048w, https:\/\/fharch.eu\/wp-content\/uploads\/2023\/11\/INTERIER-EUROVEA-TOWER-16-KUPELNA-BIELY-NABYTOK-ZRKADLOVA-SKRINKA-231027-4K-300x169.jpg 300w, https:\/\/fharch.eu\/wp-content\/uploads\/2023\/11\/INTERIER-EUROVEA-TOWER-16-KUPELNA-BIELY-NABYTOK-ZRKADLOVA-SKRINKA-231027-4K-1024x576.jpg 1024w, https:\/\/fharch.eu\/wp-content\/uploads\/2023\/11\/INTERIER-EUROVEA-TOWER-16-KUPELNA-BIELY-NABYTOK-ZRKADLOVA-SKRINKA-231027-4K-768x432.jpg 768w, https:\/\/fharch.eu\/wp-content\/uploads\/2023\/11\/INTERIER-EUROVEA-TOWER-16-KUPELNA-BIELY-NABYTOK-ZRKADLOVA-SKRINKA-231027-4K-1536x864.jpg 1536w, https:\/\/fharch.eu\/wp-content\/uploads\/2023\/11\/INTERIER-EUROVEA-TOWER-16-KUPELNA-BIELY-NABYTOK-ZRKADLOVA-SKRINKA-231027-4K-18x10.jpg 18w\" sizes=\"(max-width: 2048px) 100vw, 2048px\" \/><\/figure>\n\n\n\n<figure class=\"wp-block-image alignfull size-full\"><img decoding=\"async\" width=\"2048\" height=\"1152\" src=\"https:\/\/fharch.eu\/wp-content\/uploads\/2023\/11\/INTERIER-EUROVEA-TOWER-17-KUPELNA-BIELY-RADIATOR-231027-4K-scaled.jpg\" alt=\"\" class=\"wp-image-5102\" srcset=\"https:\/\/fharch.eu\/wp-content\/uploads\/2023\/11\/INTERIER-EUROVEA-TOWER-17-KUPELNA-BIELY-RADIATOR-231027-4K-scaled.jpg 2048w, https:\/\/fharch.eu\/wp-content\/uploads\/2023\/11\/INTERIER-EUROVEA-TOWER-17-KUPELNA-BIELY-RADIATOR-231027-4K-300x169.jpg 300w, https:\/\/fharch.eu\/wp-content\/uploads\/2023\/11\/INTERIER-EUROVEA-TOWER-17-KUPELNA-BIELY-RADIATOR-231027-4K-1024x576.jpg 1024w, https:\/\/fharch.eu\/wp-content\/uploads\/2023\/11\/INTERIER-EUROVEA-TOWER-17-KUPELNA-BIELY-RADIATOR-231027-4K-768x432.jpg 768w, https:\/\/fharch.eu\/wp-content\/uploads\/2023\/11\/INTERIER-EUROVEA-TOWER-17-KUPELNA-BIELY-RADIATOR-231027-4K-1536x864.jpg 1536w, https:\/\/fharch.eu\/wp-content\/uploads\/2023\/11\/INTERIER-EUROVEA-TOWER-17-KUPELNA-BIELY-RADIATOR-231027-4K-18x10.jpg 18w\" sizes=\"(max-width: 2048px) 100vw, 2048px\" \/><\/figure>\n\n\n\n<figure class=\"wp-block-image alignfull size-full\"><img decoding=\"async\" width=\"2048\" height=\"1152\" src=\"https:\/\/fharch.eu\/wp-content\/uploads\/2023\/11\/INTERIER-EUROVEA-TOWER-18-KUPELNA-TMAVY-OBKLAD-SPRCHA-231027-4K-scaled.jpg\" alt=\"\" class=\"wp-image-5103\" srcset=\"https:\/\/fharch.eu\/wp-content\/uploads\/2023\/11\/INTERIER-EUROVEA-TOWER-18-KUPELNA-TMAVY-OBKLAD-SPRCHA-231027-4K-scaled.jpg 2048w, https:\/\/fharch.eu\/wp-content\/uploads\/2023\/11\/INTERIER-EUROVEA-TOWER-18-KUPELNA-TMAVY-OBKLAD-SPRCHA-231027-4K-300x169.jpg 300w, https:\/\/fharch.eu\/wp-content\/uploads\/2023\/11\/INTERIER-EUROVEA-TOWER-18-KUPELNA-TMAVY-OBKLAD-SPRCHA-231027-4K-1024x576.jpg 1024w, https:\/\/fharch.eu\/wp-content\/uploads\/2023\/11\/INTERIER-EUROVEA-TOWER-18-KUPELNA-TMAVY-OBKLAD-SPRCHA-231027-4K-768x432.jpg 768w, https:\/\/fharch.eu\/wp-content\/uploads\/2023\/11\/INTERIER-EUROVEA-TOWER-18-KUPELNA-TMAVY-OBKLAD-SPRCHA-231027-4K-1536x864.jpg 1536w, https:\/\/fharch.eu\/wp-content\/uploads\/2023\/11\/INTERIER-EUROVEA-TOWER-18-KUPELNA-TMAVY-OBKLAD-SPRCHA-231027-4K-18x10.jpg 18w\" sizes=\"(max-width: 2048px) 100vw, 2048px\" \/><\/figure>\n\n\n\n<figure class=\"wp-block-image alignfull size-full\"><img decoding=\"async\" width=\"2048\" height=\"1152\" src=\"https:\/\/fharch.eu\/wp-content\/uploads\/2023\/11\/INTERIER-EUROVEA-TOWER-19-KUPELNA-BEZOVY-OBKLAD-231027-4K-scaled.jpg\" alt=\"\" class=\"wp-image-5104\" srcset=\"https:\/\/fharch.eu\/wp-content\/uploads\/2023\/11\/INTERIER-EUROVEA-TOWER-19-KUPELNA-BEZOVY-OBKLAD-231027-4K-scaled.jpg 2048w, https:\/\/fharch.eu\/wp-content\/uploads\/2023\/11\/INTERIER-EUROVEA-TOWER-19-KUPELNA-BEZOVY-OBKLAD-231027-4K-300x169.jpg 300w, https:\/\/fharch.eu\/wp-content\/uploads\/2023\/11\/INTERIER-EUROVEA-TOWER-19-KUPELNA-BEZOVY-OBKLAD-231027-4K-1024x576.jpg 1024w, https:\/\/fharch.eu\/wp-content\/uploads\/2023\/11\/INTERIER-EUROVEA-TOWER-19-KUPELNA-BEZOVY-OBKLAD-231027-4K-768x432.jpg 768w, https:\/\/fharch.eu\/wp-content\/uploads\/2023\/11\/INTERIER-EUROVEA-TOWER-19-KUPELNA-BEZOVY-OBKLAD-231027-4K-1536x864.jpg 1536w, https:\/\/fharch.eu\/wp-content\/uploads\/2023\/11\/INTERIER-EUROVEA-TOWER-19-KUPELNA-BEZOVY-OBKLAD-231027-4K-18x10.jpg 18w\" sizes=\"(max-width: 2048px) 100vw, 2048px\" \/><\/figure>\n\n\n\n<h4 class=\"wp-block-heading alignfull\">Variantn\u00e9 rie\u0161enia na porovnanie<\/h4>\n\n\n\n<figure class=\"wp-block-gallery has-nested-images columns-default is-cropped wp-block-gallery-1 is-layout-flex wp-block-gallery-is-layout-flex\">\n<figure class=\"wp-block-image size-large\"><img decoding=\"async\" width=\"1024\" height=\"576\" data-id=\"5109\" src=\"https:\/\/fharch.eu\/wp-content\/uploads\/2023\/11\/INTERIER-EUROVEA-TOWER-01B-ZADVERIE-ZRKADLOVA-STENA-ODKLADACIA-POLICA-231027-1024x576.jpg\" alt=\"\" class=\"wp-image-5109\" srcset=\"https:\/\/fharch.eu\/wp-content\/uploads\/2023\/11\/INTERIER-EUROVEA-TOWER-01B-ZADVERIE-ZRKADLOVA-STENA-ODKLADACIA-POLICA-231027-1024x576.jpg 1024w, https:\/\/fharch.eu\/wp-content\/uploads\/2023\/11\/INTERIER-EUROVEA-TOWER-01B-ZADVERIE-ZRKADLOVA-STENA-ODKLADACIA-POLICA-231027-300x169.jpg 300w, https:\/\/fharch.eu\/wp-content\/uploads\/2023\/11\/INTERIER-EUROVEA-TOWER-01B-ZADVERIE-ZRKADLOVA-STENA-ODKLADACIA-POLICA-231027-768x432.jpg 768w, https:\/\/fharch.eu\/wp-content\/uploads\/2023\/11\/INTERIER-EUROVEA-TOWER-01B-ZADVERIE-ZRKADLOVA-STENA-ODKLADACIA-POLICA-231027-1536x864.jpg 1536w, https:\/\/fharch.eu\/wp-content\/uploads\/2023\/11\/INTERIER-EUROVEA-TOWER-01B-ZADVERIE-ZRKADLOVA-STENA-ODKLADACIA-POLICA-231027-18x10.jpg 18w, https:\/\/fharch.eu\/wp-content\/uploads\/2023\/11\/INTERIER-EUROVEA-TOWER-01B-ZADVERIE-ZRKADLOVA-STENA-ODKLADACIA-POLICA-231027.jpg 1920w\" sizes=\"(max-width: 1024px) 100vw, 1024px\" \/><\/figure>\n\n\n\n<figure class=\"wp-block-image size-large\"><img decoding=\"async\" width=\"1024\" height=\"576\" data-id=\"5086\" src=\"https:\/\/fharch.eu\/wp-content\/uploads\/2023\/11\/INTERIER-EUROVEA-TOWER-01A-ZADVERIE-ZRKADLOVA-STENA-ODKLADACIA-POLICA-231027-4K-1024x576.jpg\" alt=\"\" class=\"wp-image-5086\" srcset=\"https:\/\/fharch.eu\/wp-content\/uploads\/2023\/11\/INTERIER-EUROVEA-TOWER-01A-ZADVERIE-ZRKADLOVA-STENA-ODKLADACIA-POLICA-231027-4K-1024x576.jpg 1024w, https:\/\/fharch.eu\/wp-content\/uploads\/2023\/11\/INTERIER-EUROVEA-TOWER-01A-ZADVERIE-ZRKADLOVA-STENA-ODKLADACIA-POLICA-231027-4K-300x169.jpg 300w, https:\/\/fharch.eu\/wp-content\/uploads\/2023\/11\/INTERIER-EUROVEA-TOWER-01A-ZADVERIE-ZRKADLOVA-STENA-ODKLADACIA-POLICA-231027-4K-768x432.jpg 768w, https:\/\/fharch.eu\/wp-content\/uploads\/2023\/11\/INTERIER-EUROVEA-TOWER-01A-ZADVERIE-ZRKADLOVA-STENA-ODKLADACIA-POLICA-231027-4K-1536x864.jpg 1536w, https:\/\/fharch.eu\/wp-content\/uploads\/2023\/11\/INTERIER-EUROVEA-TOWER-01A-ZADVERIE-ZRKADLOVA-STENA-ODKLADACIA-POLICA-231027-4K-scaled.jpg 2048w, https:\/\/fharch.eu\/wp-content\/uploads\/2023\/11\/INTERIER-EUROVEA-TOWER-01A-ZADVERIE-ZRKADLOVA-STENA-ODKLADACIA-POLICA-231027-4K-18x10.jpg 18w\" sizes=\"(max-width: 1024px) 100vw, 1024px\" \/><\/figure>\n<\/figure>\n\n\n\n<figure class=\"wp-block-gallery has-nested-images columns-default is-cropped wp-block-gallery-2 is-layout-flex wp-block-gallery-is-layout-flex\">\n<figure class=\"wp-block-image size-large\"><img decoding=\"async\" width=\"1024\" height=\"576\" data-id=\"5110\" src=\"https:\/\/fharch.eu\/wp-content\/uploads\/2023\/11\/INTERIER-EUROVEA-TOWER-03B-JEDALEN-KUCHYNA-KUCHYNSKA-LINKA-TMAVA-231027-1024x576.jpg\" alt=\"\" class=\"wp-image-5110\" srcset=\"https:\/\/fharch.eu\/wp-content\/uploads\/2023\/11\/INTERIER-EUROVEA-TOWER-03B-JEDALEN-KUCHYNA-KUCHYNSKA-LINKA-TMAVA-231027-1024x576.jpg 1024w, https:\/\/fharch.eu\/wp-content\/uploads\/2023\/11\/INTERIER-EUROVEA-TOWER-03B-JEDALEN-KUCHYNA-KUCHYNSKA-LINKA-TMAVA-231027-300x169.jpg 300w, https:\/\/fharch.eu\/wp-content\/uploads\/2023\/11\/INTERIER-EUROVEA-TOWER-03B-JEDALEN-KUCHYNA-KUCHYNSKA-LINKA-TMAVA-231027-768x432.jpg 768w, https:\/\/fharch.eu\/wp-content\/uploads\/2023\/11\/INTERIER-EUROVEA-TOWER-03B-JEDALEN-KUCHYNA-KUCHYNSKA-LINKA-TMAVA-231027-1536x864.jpg 1536w, https:\/\/fharch.eu\/wp-content\/uploads\/2023\/11\/INTERIER-EUROVEA-TOWER-03B-JEDALEN-KUCHYNA-KUCHYNSKA-LINKA-TMAVA-231027-18x10.jpg 18w, https:\/\/fharch.eu\/wp-content\/uploads\/2023\/11\/INTERIER-EUROVEA-TOWER-03B-JEDALEN-KUCHYNA-KUCHYNSKA-LINKA-TMAVA-231027.jpg 1920w\" sizes=\"(max-width: 1024px) 100vw, 1024px\" \/><\/figure>\n\n\n\n<figure class=\"wp-block-image size-large\"><img decoding=\"async\" width=\"1024\" height=\"576\" data-id=\"5088\" src=\"https:\/\/fharch.eu\/wp-content\/uploads\/2023\/11\/INTERIER-EUROVEA-TOWER-03A-JEDALEN-KUCHYNA-KUCHYNSKA-LINKA-TMAVA-231027-4K-1024x576.jpg\" alt=\"\" class=\"wp-image-5088\" srcset=\"https:\/\/fharch.eu\/wp-content\/uploads\/2023\/11\/INTERIER-EUROVEA-TOWER-03A-JEDALEN-KUCHYNA-KUCHYNSKA-LINKA-TMAVA-231027-4K-1024x576.jpg 1024w, https:\/\/fharch.eu\/wp-content\/uploads\/2023\/11\/INTERIER-EUROVEA-TOWER-03A-JEDALEN-KUCHYNA-KUCHYNSKA-LINKA-TMAVA-231027-4K-300x169.jpg 300w, https:\/\/fharch.eu\/wp-content\/uploads\/2023\/11\/INTERIER-EUROVEA-TOWER-03A-JEDALEN-KUCHYNA-KUCHYNSKA-LINKA-TMAVA-231027-4K-768x432.jpg 768w, https:\/\/fharch.eu\/wp-content\/uploads\/2023\/11\/INTERIER-EUROVEA-TOWER-03A-JEDALEN-KUCHYNA-KUCHYNSKA-LINKA-TMAVA-231027-4K-1536x864.jpg 1536w, https:\/\/fharch.eu\/wp-content\/uploads\/2023\/11\/INTERIER-EUROVEA-TOWER-03A-JEDALEN-KUCHYNA-KUCHYNSKA-LINKA-TMAVA-231027-4K-scaled.jpg 2048w, https:\/\/fharch.eu\/wp-content\/uploads\/2023\/11\/INTERIER-EUROVEA-TOWER-03A-JEDALEN-KUCHYNA-KUCHYNSKA-LINKA-TMAVA-231027-4K-18x10.jpg 18w\" sizes=\"(max-width: 1024px) 100vw, 1024px\" \/><\/figure>\n<\/figure>\n\n\n\n<figure class=\"wp-block-gallery has-nested-images columns-default is-cropped wp-block-gallery-3 is-layout-flex wp-block-gallery-is-layout-flex\">\n<figure class=\"wp-block-image size-large\"><img decoding=\"async\" width=\"1024\" height=\"576\" data-id=\"5111\" src=\"https:\/\/fharch.eu\/wp-content\/uploads\/2023\/11\/INTERIER-EUROVEA-TOWER-07B-OBYVACIA-IZBA-MODRY-KOBEREC-KERAMICKA-OMIETKA-BEZOVA-231027-1024x576.jpg\" alt=\"\" class=\"wp-image-5111\" srcset=\"https:\/\/fharch.eu\/wp-content\/uploads\/2023\/11\/INTERIER-EUROVEA-TOWER-07B-OBYVACIA-IZBA-MODRY-KOBEREC-KERAMICKA-OMIETKA-BEZOVA-231027-1024x576.jpg 1024w, https:\/\/fharch.eu\/wp-content\/uploads\/2023\/11\/INTERIER-EUROVEA-TOWER-07B-OBYVACIA-IZBA-MODRY-KOBEREC-KERAMICKA-OMIETKA-BEZOVA-231027-300x169.jpg 300w, https:\/\/fharch.eu\/wp-content\/uploads\/2023\/11\/INTERIER-EUROVEA-TOWER-07B-OBYVACIA-IZBA-MODRY-KOBEREC-KERAMICKA-OMIETKA-BEZOVA-231027-768x432.jpg 768w, https:\/\/fharch.eu\/wp-content\/uploads\/2023\/11\/INTERIER-EUROVEA-TOWER-07B-OBYVACIA-IZBA-MODRY-KOBEREC-KERAMICKA-OMIETKA-BEZOVA-231027-1536x864.jpg 1536w, https:\/\/fharch.eu\/wp-content\/uploads\/2023\/11\/INTERIER-EUROVEA-TOWER-07B-OBYVACIA-IZBA-MODRY-KOBEREC-KERAMICKA-OMIETKA-BEZOVA-231027-18x10.jpg 18w, https:\/\/fharch.eu\/wp-content\/uploads\/2023\/11\/INTERIER-EUROVEA-TOWER-07B-OBYVACIA-IZBA-MODRY-KOBEREC-KERAMICKA-OMIETKA-BEZOVA-231027.jpg 1920w\" sizes=\"(max-width: 1024px) 100vw, 1024px\" \/><\/figure>\n\n\n\n<figure class=\"wp-block-image size-large\"><img decoding=\"async\" width=\"1024\" height=\"576\" data-id=\"5092\" src=\"https:\/\/fharch.eu\/wp-content\/uploads\/2023\/11\/INTERIER-EUROVEA-TOWER-07A-OBYVACIA-IZBA-MODRY-KOBEREC-KERAMICKA-OMIETKA-CIERNA-231027-4K-1024x576.jpg\" alt=\"\" class=\"wp-image-5092\" srcset=\"https:\/\/fharch.eu\/wp-content\/uploads\/2023\/11\/INTERIER-EUROVEA-TOWER-07A-OBYVACIA-IZBA-MODRY-KOBEREC-KERAMICKA-OMIETKA-CIERNA-231027-4K-1024x576.jpg 1024w, https:\/\/fharch.eu\/wp-content\/uploads\/2023\/11\/INTERIER-EUROVEA-TOWER-07A-OBYVACIA-IZBA-MODRY-KOBEREC-KERAMICKA-OMIETKA-CIERNA-231027-4K-300x169.jpg 300w, https:\/\/fharch.eu\/wp-content\/uploads\/2023\/11\/INTERIER-EUROVEA-TOWER-07A-OBYVACIA-IZBA-MODRY-KOBEREC-KERAMICKA-OMIETKA-CIERNA-231027-4K-768x432.jpg 768w, https:\/\/fharch.eu\/wp-content\/uploads\/2023\/11\/INTERIER-EUROVEA-TOWER-07A-OBYVACIA-IZBA-MODRY-KOBEREC-KERAMICKA-OMIETKA-CIERNA-231027-4K-1536x864.jpg 1536w, https:\/\/fharch.eu\/wp-content\/uploads\/2023\/11\/INTERIER-EUROVEA-TOWER-07A-OBYVACIA-IZBA-MODRY-KOBEREC-KERAMICKA-OMIETKA-CIERNA-231027-4K-scaled.jpg 2048w, https:\/\/fharch.eu\/wp-content\/uploads\/2023\/11\/INTERIER-EUROVEA-TOWER-07A-OBYVACIA-IZBA-MODRY-KOBEREC-KERAMICKA-OMIETKA-CIERNA-231027-4K-18x10.jpg 18w\" sizes=\"(max-width: 1024px) 100vw, 1024px\" \/><\/figure>\n<\/figure>\n\n\n\n<figure class=\"wp-block-gallery has-nested-images columns-default is-cropped wp-block-gallery-4 is-layout-flex wp-block-gallery-is-layout-flex\">\n<figure class=\"wp-block-image size-large\"><img decoding=\"async\" width=\"1024\" height=\"576\" data-id=\"5112\" src=\"https:\/\/fharch.eu\/wp-content\/uploads\/2023\/11\/INTERIER-EUROVEA-TOWER-10B-OBYVACIA-IZBA-KASMIROVA-KERAMICKA-STENA-231027-1024x576.jpg\" alt=\"\" class=\"wp-image-5112\" srcset=\"https:\/\/fharch.eu\/wp-content\/uploads\/2023\/11\/INTERIER-EUROVEA-TOWER-10B-OBYVACIA-IZBA-KASMIROVA-KERAMICKA-STENA-231027-1024x576.jpg 1024w, https:\/\/fharch.eu\/wp-content\/uploads\/2023\/11\/INTERIER-EUROVEA-TOWER-10B-OBYVACIA-IZBA-KASMIROVA-KERAMICKA-STENA-231027-300x169.jpg 300w, https:\/\/fharch.eu\/wp-content\/uploads\/2023\/11\/INTERIER-EUROVEA-TOWER-10B-OBYVACIA-IZBA-KASMIROVA-KERAMICKA-STENA-231027-768x432.jpg 768w, https:\/\/fharch.eu\/wp-content\/uploads\/2023\/11\/INTERIER-EUROVEA-TOWER-10B-OBYVACIA-IZBA-KASMIROVA-KERAMICKA-STENA-231027-1536x864.jpg 1536w, https:\/\/fharch.eu\/wp-content\/uploads\/2023\/11\/INTERIER-EUROVEA-TOWER-10B-OBYVACIA-IZBA-KASMIROVA-KERAMICKA-STENA-231027-18x10.jpg 18w, https:\/\/fharch.eu\/wp-content\/uploads\/2023\/11\/INTERIER-EUROVEA-TOWER-10B-OBYVACIA-IZBA-KASMIROVA-KERAMICKA-STENA-231027.jpg 1920w\" sizes=\"(max-width: 1024px) 100vw, 1024px\" \/><\/figure>\n\n\n\n<figure class=\"wp-block-image size-large\"><img decoding=\"async\" width=\"1024\" height=\"576\" data-id=\"5095\" src=\"https:\/\/fharch.eu\/wp-content\/uploads\/2023\/11\/INTERIER-EUROVEA-TOWER-10A-OBYVACIA-IZBA-TMAVA-KERAMICKA-STENA-231027-4K-1024x576.jpg\" alt=\"\" class=\"wp-image-5095\" srcset=\"https:\/\/fharch.eu\/wp-content\/uploads\/2023\/11\/INTERIER-EUROVEA-TOWER-10A-OBYVACIA-IZBA-TMAVA-KERAMICKA-STENA-231027-4K-1024x576.jpg 1024w, https:\/\/fharch.eu\/wp-content\/uploads\/2023\/11\/INTERIER-EUROVEA-TOWER-10A-OBYVACIA-IZBA-TMAVA-KERAMICKA-STENA-231027-4K-300x169.jpg 300w, https:\/\/fharch.eu\/wp-content\/uploads\/2023\/11\/INTERIER-EUROVEA-TOWER-10A-OBYVACIA-IZBA-TMAVA-KERAMICKA-STENA-231027-4K-768x432.jpg 768w, https:\/\/fharch.eu\/wp-content\/uploads\/2023\/11\/INTERIER-EUROVEA-TOWER-10A-OBYVACIA-IZBA-TMAVA-KERAMICKA-STENA-231027-4K-1536x864.jpg 1536w, https:\/\/fharch.eu\/wp-content\/uploads\/2023\/11\/INTERIER-EUROVEA-TOWER-10A-OBYVACIA-IZBA-TMAVA-KERAMICKA-STENA-231027-4K-scaled.jpg 2048w, https:\/\/fharch.eu\/wp-content\/uploads\/2023\/11\/INTERIER-EUROVEA-TOWER-10A-OBYVACIA-IZBA-TMAVA-KERAMICKA-STENA-231027-4K-18x10.jpg 18w\" sizes=\"(max-width: 1024px) 100vw, 1024px\" \/><\/figure>\n<\/figure>\n","protected":false},"featured_media":5087,"template":"","projektove-kategorie":[25,16],"class_list":["post-5105","projekty","type-projekty","status-publish","has-post-thumbnail","hentry","projektove-kategorie-_rezidencne_","projektove-kategorie-interier"],"_links":{"self":[{"href":"https:\/\/fharch.eu\/en\/wp-json\/wp\/v2\/projekty\/5105","targetHints":{"allow":["GET"]}}],"collection":[{"href":"https:\/\/fharch.eu\/en\/wp-json\/wp\/v2\/projekty"}],"about":[{"href":"https:\/\/fharch.eu\/en\/wp-json\/wp\/v2\/types\/projekty"}],"wp:featuredmedia":[{"embeddable":true,"href":"https:\/\/fharch.eu\/en\/wp-json\/wp\/v2\/media\/5087"}],"wp:attachment":[{"href":"https:\/\/fharch.eu\/en\/wp-json\/wp\/v2\/media?parent=5105"}],"wp:term":[{"taxonomy":"projektove-kategorie","embeddable":true,"href":"https:\/\/fharch.eu\/en\/wp-json\/wp\/v2\/projektove-kategorie?post=5105"}],"curies":[{"name":"wp","href":"https:\/\/api.w.org\/{rel}","templated":true}]}}