{"id":4222,"date":"2019-11-14T08:08:00","date_gmt":"2019-11-14T07:08:00","guid":{"rendered":"https:\/\/fharch.eu\/?post_type=projekty&#038;p=4222"},"modified":"2023-09-08T14:06:55","modified_gmt":"2023-09-08T12:06:55","slug":"urban-rezidence","status":"publish","type":"projekty","link":"https:\/\/fharch.eu\/en\/projekty\/urban-rezidence\/","title":{"rendered":"URBAN RESIDENCE"},"content":{"rendered":"\n<h4 class=\"wp-block-heading alignfull\">Vstupn\u00e1 chodba<\/h4>\n\n\n\n<figure class=\"wp-block-image alignfull size-full\"><img decoding=\"async\" width=\"2048\" height=\"1366\" src=\"https:\/\/fharch.eu\/wp-content\/uploads\/2022\/08\/01_URBAN-REZIDENCE_zadverie.jpg\" alt=\"\" class=\"wp-image-4223\" srcset=\"https:\/\/fharch.eu\/wp-content\/uploads\/2022\/08\/01_URBAN-REZIDENCE_zadverie.jpg 2048w, https:\/\/fharch.eu\/wp-content\/uploads\/2022\/08\/01_URBAN-REZIDENCE_zadverie-300x200.jpg 300w, https:\/\/fharch.eu\/wp-content\/uploads\/2022\/08\/01_URBAN-REZIDENCE_zadverie-1024x683.jpg 1024w, https:\/\/fharch.eu\/wp-content\/uploads\/2022\/08\/01_URBAN-REZIDENCE_zadverie-768x512.jpg 768w, https:\/\/fharch.eu\/wp-content\/uploads\/2022\/08\/01_URBAN-REZIDENCE_zadverie-1536x1024.jpg 1536w, https:\/\/fharch.eu\/wp-content\/uploads\/2022\/08\/01_URBAN-REZIDENCE_zadverie-18x12.jpg 18w\" sizes=\"(max-width: 2048px) 100vw, 2048px\" \/><\/figure>\n\n\n\n<figure class=\"wp-block-image alignfull size-full\"><img decoding=\"async\" width=\"2048\" height=\"1366\" src=\"https:\/\/fharch.eu\/wp-content\/uploads\/2022\/08\/02_URBAN-REZIDENCE_vstup-scaled.jpg\" alt=\"\" class=\"wp-image-4224\" srcset=\"https:\/\/fharch.eu\/wp-content\/uploads\/2022\/08\/02_URBAN-REZIDENCE_vstup-scaled.jpg 2048w, https:\/\/fharch.eu\/wp-content\/uploads\/2022\/08\/02_URBAN-REZIDENCE_vstup-300x200.jpg 300w, https:\/\/fharch.eu\/wp-content\/uploads\/2022\/08\/02_URBAN-REZIDENCE_vstup-1024x683.jpg 1024w, https:\/\/fharch.eu\/wp-content\/uploads\/2022\/08\/02_URBAN-REZIDENCE_vstup-768x512.jpg 768w, https:\/\/fharch.eu\/wp-content\/uploads\/2022\/08\/02_URBAN-REZIDENCE_vstup-1536x1024.jpg 1536w, https:\/\/fharch.eu\/wp-content\/uploads\/2022\/08\/02_URBAN-REZIDENCE_vstup-18x12.jpg 18w\" sizes=\"(max-width: 2048px) 100vw, 2048px\" \/><\/figure>\n\n\n\n<h4 class=\"wp-block-heading alignfull\">Kuchynsk\u00fd k\u00fat<\/h4>\n\n\n\n<figure class=\"wp-block-image alignfull size-full\"><img decoding=\"async\" width=\"2048\" height=\"1366\" src=\"https:\/\/fharch.eu\/wp-content\/uploads\/2022\/08\/03_URBAN-REZIDENCE_kuchyna.jpg\" alt=\"\" class=\"wp-image-4225\" srcset=\"https:\/\/fharch.eu\/wp-content\/uploads\/2022\/08\/03_URBAN-REZIDENCE_kuchyna.jpg 2048w, https:\/\/fharch.eu\/wp-content\/uploads\/2022\/08\/03_URBAN-REZIDENCE_kuchyna-300x200.jpg 300w, https:\/\/fharch.eu\/wp-content\/uploads\/2022\/08\/03_URBAN-REZIDENCE_kuchyna-1024x683.jpg 1024w, https:\/\/fharch.eu\/wp-content\/uploads\/2022\/08\/03_URBAN-REZIDENCE_kuchyna-768x512.jpg 768w, https:\/\/fharch.eu\/wp-content\/uploads\/2022\/08\/03_URBAN-REZIDENCE_kuchyna-1536x1024.jpg 1536w, https:\/\/fharch.eu\/wp-content\/uploads\/2022\/08\/03_URBAN-REZIDENCE_kuchyna-18x12.jpg 18w\" sizes=\"(max-width: 2048px) 100vw, 2048px\" \/><\/figure>\n\n\n\n<figure class=\"wp-block-gallery alignfull has-nested-images columns-default is-cropped wp-block-gallery-1 is-layout-flex wp-block-gallery-is-layout-flex\">\n<figure class=\"wp-block-image size-full\"><img decoding=\"async\" width=\"2048\" height=\"1366\" data-id=\"4226\" src=\"https:\/\/fharch.eu\/wp-content\/uploads\/2022\/08\/04_URBAN-REZIDENCE_kuchyna_zrkadlova-zastena.jpg\" alt=\"\" class=\"wp-image-4226\" srcset=\"https:\/\/fharch.eu\/wp-content\/uploads\/2022\/08\/04_URBAN-REZIDENCE_kuchyna_zrkadlova-zastena.jpg 2048w, https:\/\/fharch.eu\/wp-content\/uploads\/2022\/08\/04_URBAN-REZIDENCE_kuchyna_zrkadlova-zastena-300x200.jpg 300w, https:\/\/fharch.eu\/wp-content\/uploads\/2022\/08\/04_URBAN-REZIDENCE_kuchyna_zrkadlova-zastena-1024x683.jpg 1024w, https:\/\/fharch.eu\/wp-content\/uploads\/2022\/08\/04_URBAN-REZIDENCE_kuchyna_zrkadlova-zastena-768x512.jpg 768w, https:\/\/fharch.eu\/wp-content\/uploads\/2022\/08\/04_URBAN-REZIDENCE_kuchyna_zrkadlova-zastena-1536x1024.jpg 1536w, https:\/\/fharch.eu\/wp-content\/uploads\/2022\/08\/04_URBAN-REZIDENCE_kuchyna_zrkadlova-zastena-18x12.jpg 18w\" sizes=\"(max-width: 2048px) 100vw, 2048px\" \/><\/figure>\n\n\n\n<figure class=\"wp-block-image size-full\"><img decoding=\"async\" width=\"2048\" height=\"1366\" data-id=\"4227\" src=\"https:\/\/fharch.eu\/wp-content\/uploads\/2022\/08\/05_URBAN-REZIDENCE_rohova-kuchyna.jpg\" alt=\"\" class=\"wp-image-4227\" srcset=\"https:\/\/fharch.eu\/wp-content\/uploads\/2022\/08\/05_URBAN-REZIDENCE_rohova-kuchyna.jpg 2048w, https:\/\/fharch.eu\/wp-content\/uploads\/2022\/08\/05_URBAN-REZIDENCE_rohova-kuchyna-300x200.jpg 300w, https:\/\/fharch.eu\/wp-content\/uploads\/2022\/08\/05_URBAN-REZIDENCE_rohova-kuchyna-1024x683.jpg 1024w, https:\/\/fharch.eu\/wp-content\/uploads\/2022\/08\/05_URBAN-REZIDENCE_rohova-kuchyna-768x512.jpg 768w, https:\/\/fharch.eu\/wp-content\/uploads\/2022\/08\/05_URBAN-REZIDENCE_rohova-kuchyna-1536x1024.jpg 1536w, https:\/\/fharch.eu\/wp-content\/uploads\/2022\/08\/05_URBAN-REZIDENCE_rohova-kuchyna-18x12.jpg 18w\" sizes=\"(max-width: 2048px) 100vw, 2048px\" \/><\/figure>\n<\/figure>\n\n\n\n<h4 class=\"wp-block-heading alignfull\">Ob\u00fdvacia izba<\/h4>\n\n\n\n<figure class=\"wp-block-image alignfull size-full\"><img decoding=\"async\" width=\"2048\" height=\"1366\" src=\"https:\/\/fharch.eu\/wp-content\/uploads\/2022\/08\/06_URBAN-REZIDENCE_obyvacia-izba.jpg\" alt=\"\" class=\"wp-image-4228\" srcset=\"https:\/\/fharch.eu\/wp-content\/uploads\/2022\/08\/06_URBAN-REZIDENCE_obyvacia-izba.jpg 2048w, https:\/\/fharch.eu\/wp-content\/uploads\/2022\/08\/06_URBAN-REZIDENCE_obyvacia-izba-300x200.jpg 300w, https:\/\/fharch.eu\/wp-content\/uploads\/2022\/08\/06_URBAN-REZIDENCE_obyvacia-izba-1024x683.jpg 1024w, https:\/\/fharch.eu\/wp-content\/uploads\/2022\/08\/06_URBAN-REZIDENCE_obyvacia-izba-768x512.jpg 768w, https:\/\/fharch.eu\/wp-content\/uploads\/2022\/08\/06_URBAN-REZIDENCE_obyvacia-izba-1536x1024.jpg 1536w, https:\/\/fharch.eu\/wp-content\/uploads\/2022\/08\/06_URBAN-REZIDENCE_obyvacia-izba-18x12.jpg 18w\" sizes=\"(max-width: 2048px) 100vw, 2048px\" \/><\/figure>\n\n\n\n<figure class=\"wp-block-gallery alignfull has-nested-images columns-default is-cropped wp-block-gallery-2 is-layout-flex wp-block-gallery-is-layout-flex\">\n<figure class=\"wp-block-image size-full\"><img decoding=\"async\" width=\"2048\" height=\"1366\" data-id=\"4229\" src=\"https:\/\/fharch.eu\/wp-content\/uploads\/2022\/08\/07_URBAN-REZIDENCE_obyvacia-izba.jpg\" alt=\"\" class=\"wp-image-4229\" srcset=\"https:\/\/fharch.eu\/wp-content\/uploads\/2022\/08\/07_URBAN-REZIDENCE_obyvacia-izba.jpg 2048w, https:\/\/fharch.eu\/wp-content\/uploads\/2022\/08\/07_URBAN-REZIDENCE_obyvacia-izba-300x200.jpg 300w, https:\/\/fharch.eu\/wp-content\/uploads\/2022\/08\/07_URBAN-REZIDENCE_obyvacia-izba-1024x683.jpg 1024w, https:\/\/fharch.eu\/wp-content\/uploads\/2022\/08\/07_URBAN-REZIDENCE_obyvacia-izba-768x512.jpg 768w, https:\/\/fharch.eu\/wp-content\/uploads\/2022\/08\/07_URBAN-REZIDENCE_obyvacia-izba-1536x1024.jpg 1536w, https:\/\/fharch.eu\/wp-content\/uploads\/2022\/08\/07_URBAN-REZIDENCE_obyvacia-izba-18x12.jpg 18w\" sizes=\"(max-width: 2048px) 100vw, 2048px\" \/><\/figure>\n\n\n\n<figure class=\"wp-block-image size-full\"><img decoding=\"async\" width=\"2048\" height=\"1366\" data-id=\"4230\" src=\"https:\/\/fharch.eu\/wp-content\/uploads\/2022\/08\/08_URBAN-REZIDENCE_obyvacia-izba.jpg\" alt=\"\" class=\"wp-image-4230\" srcset=\"https:\/\/fharch.eu\/wp-content\/uploads\/2022\/08\/08_URBAN-REZIDENCE_obyvacia-izba.jpg 2048w, https:\/\/fharch.eu\/wp-content\/uploads\/2022\/08\/08_URBAN-REZIDENCE_obyvacia-izba-300x200.jpg 300w, https:\/\/fharch.eu\/wp-content\/uploads\/2022\/08\/08_URBAN-REZIDENCE_obyvacia-izba-1024x683.jpg 1024w, https:\/\/fharch.eu\/wp-content\/uploads\/2022\/08\/08_URBAN-REZIDENCE_obyvacia-izba-768x512.jpg 768w, https:\/\/fharch.eu\/wp-content\/uploads\/2022\/08\/08_URBAN-REZIDENCE_obyvacia-izba-1536x1024.jpg 1536w, https:\/\/fharch.eu\/wp-content\/uploads\/2022\/08\/08_URBAN-REZIDENCE_obyvacia-izba-18x12.jpg 18w\" sizes=\"(max-width: 2048px) 100vw, 2048px\" \/><\/figure>\n<\/figure>\n\n\n\n<figure class=\"wp-block-image alignfull size-full\"><img decoding=\"async\" width=\"2048\" height=\"1366\" src=\"https:\/\/fharch.eu\/wp-content\/uploads\/2022\/08\/09_URBAN-REZIDENCE_obyvacia-izba.jpg\" alt=\"\" class=\"wp-image-4231\" srcset=\"https:\/\/fharch.eu\/wp-content\/uploads\/2022\/08\/09_URBAN-REZIDENCE_obyvacia-izba.jpg 2048w, https:\/\/fharch.eu\/wp-content\/uploads\/2022\/08\/09_URBAN-REZIDENCE_obyvacia-izba-300x200.jpg 300w, https:\/\/fharch.eu\/wp-content\/uploads\/2022\/08\/09_URBAN-REZIDENCE_obyvacia-izba-1024x683.jpg 1024w, https:\/\/fharch.eu\/wp-content\/uploads\/2022\/08\/09_URBAN-REZIDENCE_obyvacia-izba-768x512.jpg 768w, https:\/\/fharch.eu\/wp-content\/uploads\/2022\/08\/09_URBAN-REZIDENCE_obyvacia-izba-1536x1024.jpg 1536w, https:\/\/fharch.eu\/wp-content\/uploads\/2022\/08\/09_URBAN-REZIDENCE_obyvacia-izba-18x12.jpg 18w\" sizes=\"(max-width: 2048px) 100vw, 2048px\" \/><\/figure>\n\n\n\n<h4 class=\"wp-block-heading alignfull\">Atypick\u00e1 kni\u017enica na mieru<\/h4>\n\n\n\n<figure class=\"wp-block-gallery alignfull has-nested-images columns-default is-cropped wp-block-gallery-3 is-layout-flex wp-block-gallery-is-layout-flex\">\n<figure class=\"wp-block-image size-full\"><img decoding=\"async\" width=\"1707\" height=\"2560\" data-id=\"4232\" src=\"https:\/\/fharch.eu\/wp-content\/uploads\/2022\/08\/10_URBAN-REZIDENCE_atypicka-kniznica-scaled.jpg\" alt=\"\" class=\"wp-image-4232\" srcset=\"https:\/\/fharch.eu\/wp-content\/uploads\/2022\/08\/10_URBAN-REZIDENCE_atypicka-kniznica-scaled.jpg 1707w, https:\/\/fharch.eu\/wp-content\/uploads\/2022\/08\/10_URBAN-REZIDENCE_atypicka-kniznica-200x300.jpg 200w, https:\/\/fharch.eu\/wp-content\/uploads\/2022\/08\/10_URBAN-REZIDENCE_atypicka-kniznica-683x1024.jpg 683w, https:\/\/fharch.eu\/wp-content\/uploads\/2022\/08\/10_URBAN-REZIDENCE_atypicka-kniznica-768x1152.jpg 768w, https:\/\/fharch.eu\/wp-content\/uploads\/2022\/08\/10_URBAN-REZIDENCE_atypicka-kniznica-1024x1536.jpg 1024w, https:\/\/fharch.eu\/wp-content\/uploads\/2022\/08\/10_URBAN-REZIDENCE_atypicka-kniznica-1366x2048.jpg 1366w, https:\/\/fharch.eu\/wp-content\/uploads\/2022\/08\/10_URBAN-REZIDENCE_atypicka-kniznica-8x12.jpg 8w\" sizes=\"(max-width: 1707px) 100vw, 1707px\" \/><\/figure>\n\n\n\n<figure class=\"wp-block-image size-full\"><img decoding=\"async\" width=\"1707\" height=\"2560\" data-id=\"4233\" src=\"https:\/\/fharch.eu\/wp-content\/uploads\/2022\/08\/11_URBAN-REZIDENCE_atypicka-kniznica-scaled.jpg\" alt=\"\" class=\"wp-image-4233\" srcset=\"https:\/\/fharch.eu\/wp-content\/uploads\/2022\/08\/11_URBAN-REZIDENCE_atypicka-kniznica-scaled.jpg 1707w, https:\/\/fharch.eu\/wp-content\/uploads\/2022\/08\/11_URBAN-REZIDENCE_atypicka-kniznica-200x300.jpg 200w, https:\/\/fharch.eu\/wp-content\/uploads\/2022\/08\/11_URBAN-REZIDENCE_atypicka-kniznica-683x1024.jpg 683w, https:\/\/fharch.eu\/wp-content\/uploads\/2022\/08\/11_URBAN-REZIDENCE_atypicka-kniznica-768x1152.jpg 768w, https:\/\/fharch.eu\/wp-content\/uploads\/2022\/08\/11_URBAN-REZIDENCE_atypicka-kniznica-1024x1536.jpg 1024w, https:\/\/fharch.eu\/wp-content\/uploads\/2022\/08\/11_URBAN-REZIDENCE_atypicka-kniznica-1366x2048.jpg 1366w, https:\/\/fharch.eu\/wp-content\/uploads\/2022\/08\/11_URBAN-REZIDENCE_atypicka-kniznica-8x12.jpg 8w\" sizes=\"(max-width: 1707px) 100vw, 1707px\" \/><\/figure>\n<\/figure>\n\n\n\n<h4 class=\"wp-block-heading alignfull\">K\u00fape\u013e\u0148a<\/h4>\n\n\n\n<figure class=\"wp-block-image alignfull size-full\"><img decoding=\"async\" width=\"2048\" height=\"1370\" src=\"https:\/\/fharch.eu\/wp-content\/uploads\/2022\/08\/12_URBAN-REZIDENCE_kupelna.jpg\" alt=\"\" class=\"wp-image-4234\" srcset=\"https:\/\/fharch.eu\/wp-content\/uploads\/2022\/08\/12_URBAN-REZIDENCE_kupelna.jpg 2048w, https:\/\/fharch.eu\/wp-content\/uploads\/2022\/08\/12_URBAN-REZIDENCE_kupelna-300x201.jpg 300w, https:\/\/fharch.eu\/wp-content\/uploads\/2022\/08\/12_URBAN-REZIDENCE_kupelna-1024x685.jpg 1024w, https:\/\/fharch.eu\/wp-content\/uploads\/2022\/08\/12_URBAN-REZIDENCE_kupelna-768x514.jpg 768w, https:\/\/fharch.eu\/wp-content\/uploads\/2022\/08\/12_URBAN-REZIDENCE_kupelna-1536x1028.jpg 1536w, https:\/\/fharch.eu\/wp-content\/uploads\/2022\/08\/12_URBAN-REZIDENCE_kupelna-18x12.jpg 18w\" sizes=\"(max-width: 2048px) 100vw, 2048px\" \/><\/figure>\n\n\n\n<h4 class=\"wp-block-heading alignfull\">Loggia<\/h4>\n\n\n\n<figure class=\"wp-block-image alignfull size-full\"><img decoding=\"async\" width=\"2048\" height=\"1366\" src=\"https:\/\/fharch.eu\/wp-content\/uploads\/2022\/08\/13_URBAN-REZIDENCE_loggia.jpg\" alt=\"\" class=\"wp-image-4235\" srcset=\"https:\/\/fharch.eu\/wp-content\/uploads\/2022\/08\/13_URBAN-REZIDENCE_loggia.jpg 2048w, https:\/\/fharch.eu\/wp-content\/uploads\/2022\/08\/13_URBAN-REZIDENCE_loggia-300x200.jpg 300w, https:\/\/fharch.eu\/wp-content\/uploads\/2022\/08\/13_URBAN-REZIDENCE_loggia-1024x683.jpg 1024w, https:\/\/fharch.eu\/wp-content\/uploads\/2022\/08\/13_URBAN-REZIDENCE_loggia-768x512.jpg 768w, https:\/\/fharch.eu\/wp-content\/uploads\/2022\/08\/13_URBAN-REZIDENCE_loggia-1536x1024.jpg 1536w, https:\/\/fharch.eu\/wp-content\/uploads\/2022\/08\/13_URBAN-REZIDENCE_loggia-18x12.jpg 18w\" sizes=\"(max-width: 2048px) 100vw, 2048px\" \/><\/figure>\n\n\n\n<div style=\"height:50px\" aria-hidden=\"true\" class=\"wp-block-spacer\"><\/div>\n\n\n\n<ul class=\"wp-block-social-links has-visible-labels has-icon-background-color is-style-pill-shape is-layout-flex wp-block-social-links-is-layout-flex\"><li style=\"background-color:#7bdcb5;\" class=\"wp-social-link wp-social-link-facebook has-light-green-cyan-background-color wp-block-social-link\"><a rel=\"noopener nofollow\" target=\"_blank\" href=\"https:\/\/www.facebook.com\/media\/set\/?set=a.1440030432815778&#038;type=3\" class=\"wp-block-social-link-anchor\"><svg width=\"24\" height=\"24\" viewBox=\"0 0 24 24\" version=\"1.1\" xmlns=\"http:\/\/www.w3.org\/2000\/svg\" aria-hidden=\"true\" focusable=\"false\"><path d=\"M12 2C6.5 2 2 6.5 2 12c0 5 3.7 9.1 8.4 9.9v-7H7.9V12h2.5V9.8c0-2.5 1.5-3.9 3.8-3.9 1.1 0 2.2.2 2.2.2v2.5h-1.3c-1.2 0-1.6.8-1.6 1.6V12h2.8l-.4 2.9h-2.3v7C18.3 21.1 22 17 22 12c0-5.5-4.5-10-10-10z\"><\/path><\/svg><span class=\"wp-block-social-link-label\">Zdie\u013ea\u0165 projekt zn\u00e1mym<\/span><\/a><\/li><\/ul>\n","protected":false},"featured_media":4228,"template":"","projektove-kategorie":[25,16],"class_list":["post-4222","projekty","type-projekty","status-publish","has-post-thumbnail","hentry","projektove-kategorie-_rezidencne_","projektove-kategorie-interier"],"_links":{"self":[{"href":"https:\/\/fharch.eu\/en\/wp-json\/wp\/v2\/projekty\/4222","targetHints":{"allow":["GET"]}}],"collection":[{"href":"https:\/\/fharch.eu\/en\/wp-json\/wp\/v2\/projekty"}],"about":[{"href":"https:\/\/fharch.eu\/en\/wp-json\/wp\/v2\/types\/projekty"}],"wp:featuredmedia":[{"embeddable":true,"href":"https:\/\/fharch.eu\/en\/wp-json\/wp\/v2\/media\/4228"}],"wp:attachment":[{"href":"https:\/\/fharch.eu\/en\/wp-json\/wp\/v2\/media?parent=4222"}],"wp:term":[{"taxonomy":"projektove-kategorie","embeddable":true,"href":"https:\/\/fharch.eu\/en\/wp-json\/wp\/v2\/projektove-kategorie?post=4222"}],"curies":[{"name":"wp","href":"https:\/\/api.w.org\/{rel}","templated":true}]}}